		
		{"id":550,"date":"2026-04-14T11:22:45","date_gmt":"2026-04-14T11:22:45","guid":{"rendered":"https:\/\/hitfm.ro\/imobiliare\/?page_id=550"},"modified":"2026-04-14T12:27:10","modified_gmt":"2026-04-14T12:27:10","slug":"valcea","status":"publish","type":"page","link":"https:\/\/hitfm.ro\/imobiliare\/valcea\/","title":{"rendered":"V\u00e2lcea"},"content":{"rendered":"\n<p>Categoria Imobiliare V\u00e2lcea este dedicat\u0103 celor care caut\u0103 propriet\u0103\u021bi \u00een R\u00e2mnicu V\u00e2lcea \u0219i \u00een alte localit\u0103\u021bi din jude\u021b. Pe platforma Hit FM po\u021bi g\u0103si anun\u021buri cu apartamente, case \u0219i terenuri disponibile pentru v\u00e2nzare sau \u00eenchiriere.<\/p>\n\n\n\n<p>Fie c\u0103 dore\u0219ti s\u0103 investe\u0219ti \u00eentr-un apartament sau s\u0103 cumperi o cas\u0103 \u00een V\u00e2lcea, aici vei g\u0103si numeroase oferte imobiliare actualizate constant.<\/p>\n\n\n\n<p>Utilizatorii pot publica anun\u021buri gratuite \u0219i pot intra \u00een contact direct cu poten\u021biali cump\u0103r\u0103tori sau chiria\u0219i.<\/p>\n\n\n<div class=\"rtcl-block-250258 rtcl-block-frontend \">\n\t<div class=\"rtcl rtcl-gb-block\">\n\n\t\t\n\t\t<div class=\"rtcl-grid-view columns-4 tab-columns-2 mobile-columns-1 rtcl-gb-grid-view rtcl-gb-grid-style-1\">\n\n\t\t\t\t\t\t\t\n\t\t\t\t\t<div class=\"rtcl-widget-listing-item listing-item rtcl-listing-item post-600 status-publish is-v\u00e2nzare rtcl_category-case-si-vile rtcl_location-imobiliare-alba rtcl_ad_type-vnzare post-483\">\n\n\t\t\t\t\t\t\t\t\t\t\t\t\t<div class=\"listing-thumb\">\n\t\t\t\t\t\t\t\t<a href=\"https:\/\/hitfm.ro\/imobiliare\/rtcl_listing\/cabana-de-vanzare-sureanu-luncile-prigoanei\/\"\n\t\t\t\t\t\t\t\t   class=\"rtcl-media\"><img loading=\"lazy\" decoding=\"async\" width=\"320\" height=\"240\" src=\"https:\/\/hitfm.ro\/imobiliare\/wp-content\/uploads\/classified-listing\/2026\/04\/cabana-surianu-de-vanzare--320x240.png\" class=\"rtcl-thumbnail\" alt=\"cabana-surianu-de-vanzare-\" title=\"\" \/><\/a>\n\t\t\t\t\t\t\t\t\n\t\t\t\t\t\t\t\t<div\n\t\t\t\t\t\t\t\t\tclass=\"rtcl-show-lg rtcl-gb-meta-buttons-wrap horizontal-layout meta-button-count-3\">\n\t\t\t\t\t\t\t\t\t\t\t\t\t\t\t\t\t\t\t<div class=\"rtcl-gb-button\"><a href=\"void(0)\" class=\"rtcl-require-login \"><span class=\"rtcl-icon rtcl-icon-heart-empty\"><\/span><span class=\"favourite-label\">Add to Favourites<\/span><\/a><\/div>\n\t\t\t\t\t\t\t\t\t\n\t\t\t\t\t\t\t\t\t\n\t\t\t\t\t\t\t\t\t\t\t\t\t\t\t\t\t<\/div>\n\t\t\t\t\t\t\t<\/div>\n\t\t\t\t\t\t\n\n\t\t\t\t\t\t<div class=\"item-content\">\n\n\t\t\t\t\t\t\t\n\t\t\t\t\t\t\t\t\t\t\t\t\t\t\t<div class='listing-cat'><a href=\"https:\/\/hitfm.ro\/imobiliare\/listing-category\/case-si-vile\/\">Case si Vile<\/a><\/div>\n\t\t\t\t\t\t\t\n\t\t\t\t\t\t\t\t\t\t\t\t\t\t\t<h3 class=\"listing-title\"><a\n\t\t\t\t\t\t\t\t\t\thref=\"https:\/\/hitfm.ro\/imobiliare\/rtcl_listing\/cabana-de-vanzare-sureanu-luncile-prigoanei\/\">Caban\u0103 de v\u00e2nzare \u2013 \u0218ureanu (Luncile Prigoanei)<\/a><\/h3>\n\t\t\t\t\t\t\t\n\t\t\t\t\t\t\t\n\t\t\t\t\t\t\t<ul class=\"rtcl-listing-meta-data\">\n\t\t\t\t\t\t\t\t\t\t\t\t\t\t\t\t\t<li class=\"listing-type\"><i class=\"rtcl-icon rtcl-icon-tags\"><\/i>v\u00e2nzare<\/li>\n\t\t\t\t\t\t\t\t\n\t\t\t\t\t\t\t\t\t\t\t\t\t\t\t\t\t<li class=\"updated\"><i class=\"rtcl-icon rtcl-icon-clock\"><\/i>4 days ago<\/li>\n\t\t\t\t\t\t\t\t\n\t\t\t\t\t\t\t\t\t\t\t\t\t\t\t\t\t<li class=\"author\"><i class=\"rtcl-icon rtcl-icon-user\"><\/i>Hitfm<\/li>\n\t\t\t\t\t\t\t\t\n\t\t\t\t\t\t\t\t\t\t\t\t\t\t\t\t\t<li class=\"rt-location\"><i\n\t\t\t\t\t\t\t\t\t\t\tclass=\"rtcl-icon rtcl-icon-location\"><\/i><a href=\"https:\/\/hitfm.ro\/imobiliare\/locatie\/imobiliare-alba\/\">Imobiliare Alba<\/a><\/li>\n\t\t\t\t\t\t\t\t\n\t\t\t\t\t\t\t\t\t\t\t\t\t\t\t\t\t<li class=\"rt-view\"><i class=\"rtcl-icon rtcl-icon-eye\"><\/i>13<\/li>\n\t\t\t\t\t\t\t\t\t\t\t\t\t\t\t<\/ul>\n\n\t\t\t\t\t\t\t\n\t\t\t\t\t\t\t\t\t\t\t\t\t\t\t<div class=\"item-price listing-price\"><div class=\"rtcl-price price-type-negotiable\"><span class=\"rtcl-price-amount amount\">130,000<span class=\"rtcl-price-currencySymbol\">&euro;<\/span><\/span><\/div><\/div>\n\t\t\t\t\t\t\t\t\t\t\t\t\t<\/div>\n\n\t\t\t\t\t<\/div>\n\n\n\t\t\t\t\n\t\t\t\t\t<div class=\"rtcl-widget-listing-item listing-item rtcl-listing-item post-526 status-publish is-\u00eenchiriere rtcl_category-garsoniere-de-inchiriat rtcl_location-imobiliare-brasov rtcl_ad_type-nchiriere post-483 is-v\u00e2nzare rtcl_category-case-si-vile rtcl_location-imobiliare-alba rtcl_ad_type-vnzare\">\n\n\t\t\t\t\t\t\t\t\t\t\t\t\t<div class=\"listing-thumb\">\n\t\t\t\t\t\t\t\t<a href=\"https:\/\/hitfm.ro\/imobiliare\/rtcl_listing\/garsoniera-decomandata-de-inchiriat-racadau-prima-inchiriere-renovata-balcon-etaj-3\/\"\n\t\t\t\t\t\t\t\t   class=\"rtcl-media\"><img loading=\"lazy\" decoding=\"async\" width=\"320\" height=\"240\" src=\"https:\/\/hitfm.ro\/imobiliare\/wp-content\/uploads\/classified-listing\/2026\/04\/WhatsApp-Image-2026-04-08-at-13.59.17-320x240.jpeg\" class=\"rtcl-thumbnail\" alt=\"WhatsApp-Image-2026-04-08-at-13.59.17\" title=\"\" \/><\/a>\n\t\t\t\t\t\t\t\t\n\t\t\t\t\t\t\t\t<div\n\t\t\t\t\t\t\t\t\tclass=\"rtcl-show-lg rtcl-gb-meta-buttons-wrap horizontal-layout meta-button-count-3\">\n\t\t\t\t\t\t\t\t\t\t\t\t\t\t\t\t\t\t\t<div class=\"rtcl-gb-button\"><a href=\"void(0)\" class=\"rtcl-require-login \"><span class=\"rtcl-icon rtcl-icon-heart-empty\"><\/span><span class=\"favourite-label\">Add to Favourites<\/span><\/a><\/div>\n\t\t\t\t\t\t\t\t\t\n\t\t\t\t\t\t\t\t\t\n\t\t\t\t\t\t\t\t\t\t\t\t\t\t\t\t\t<\/div>\n\t\t\t\t\t\t\t<\/div>\n\t\t\t\t\t\t\n\n\t\t\t\t\t\t<div class=\"item-content\">\n\n\t\t\t\t\t\t\t\n\t\t\t\t\t\t\t\t\t\t\t\t\t\t\t<div class='listing-cat'><a href=\"https:\/\/hitfm.ro\/imobiliare\/listing-category\/garsoniere-de-inchiriat\/\">Garsoniere de inchiriat<\/a><\/div>\n\t\t\t\t\t\t\t\n\t\t\t\t\t\t\t\t\t\t\t\t\t\t\t<h3 class=\"listing-title\"><a\n\t\t\t\t\t\t\t\t\t\thref=\"https:\/\/hitfm.ro\/imobiliare\/rtcl_listing\/garsoniera-decomandata-de-inchiriat-racadau-prima-inchiriere-renovata-balcon-etaj-3\/\">Garsonier\u0103 decomandat\u0103 de \u00eenchiriat R\u0103c\u0103d\u0103u | Prima \u00eenchiriere | Renovat\u0103 | Balcon | Etaj 3<\/a><\/h3>\n\t\t\t\t\t\t\t\n\t\t\t\t\t\t\t\n\t\t\t\t\t\t\t<ul class=\"rtcl-listing-meta-data\">\n\t\t\t\t\t\t\t\t\t\t\t\t\t\t\t\t\t<li class=\"listing-type\"><i class=\"rtcl-icon rtcl-icon-tags\"><\/i>\u00eenchiriere<\/li>\n\t\t\t\t\t\t\t\t\n\t\t\t\t\t\t\t\t\t\t\t\t\t\t\t\t\t<li class=\"updated\"><i class=\"rtcl-icon rtcl-icon-clock\"><\/i>3 weeks ago<\/li>\n\t\t\t\t\t\t\t\t\n\t\t\t\t\t\t\t\t\t\t\t\t\t\t\t\t\t<li class=\"author\"><i class=\"rtcl-icon rtcl-icon-user\"><\/i>Hitfm<\/li>\n\t\t\t\t\t\t\t\t\n\t\t\t\t\t\t\t\t\t\t\t\t\t\t\t\t\t<li class=\"rt-location\"><i\n\t\t\t\t\t\t\t\t\t\t\tclass=\"rtcl-icon rtcl-icon-location\"><\/i><a href=\"https:\/\/hitfm.ro\/imobiliare\/locatie\/imobiliare-brasov\/\">Imobiliare Bra\u0219ov<\/a><\/li>\n\t\t\t\t\t\t\t\t\n\t\t\t\t\t\t\t\t\t\t\t\t\t\t\t\t\t<li class=\"rt-view\"><i class=\"rtcl-icon rtcl-icon-eye\"><\/i>42<\/li>\n\t\t\t\t\t\t\t\t\t\t\t\t\t\t\t<\/ul>\n\n\t\t\t\t\t\t\t\n\t\t\t\t\t\t\t\t\t\t\t\t\t\t\t<div class=\"item-price listing-price\"><div class=\"rtcl-price price-type-regular\"><span class=\"rtcl-price-amount amount\">350<span class=\"rtcl-price-currencySymbol\">&euro;<\/span><\/span><\/div><\/div>\n\t\t\t\t\t\t\t\t\t\t\t\t\t<\/div>\n\n\t\t\t\t\t<\/div>\n\n\n\t\t\t\t\n\t\t\t\t\t<div class=\"rtcl-widget-listing-item listing-item rtcl-listing-item post-520 status-publish is-v\u00e2nzare rtcl_category-apartamente rtcl_location-imobiliare-brasov rtcl_ad_type-vnzare post-483 rtcl_category-case-si-vile rtcl_location-imobiliare-alba\">\n\n\t\t\t\t\t\t\t\t\t\t\t\t\t<div class=\"listing-thumb\">\n\t\t\t\t\t\t\t\t<a href=\"https:\/\/hitfm.ro\/imobiliare\/rtcl_listing\/garsoniera-moderna-camera-de-camin-in-tractorul-brasov-21-mp-mobilata-si-utilata-ideal-investitie\/\"\n\t\t\t\t\t\t\t\t   class=\"rtcl-media\"><img loading=\"lazy\" decoding=\"async\" width=\"320\" height=\"240\" src=\"https:\/\/hitfm.ro\/imobiliare\/wp-content\/uploads\/classified-listing\/2026\/04\/garsoniera-tractorul-brasov-camera-camin-1--320x240.png\" class=\"rtcl-thumbnail\" alt=\"garsoniera-tractorul-brasov-camera-camin-1-\" title=\"\" \/><\/a>\n\t\t\t\t\t\t\t\t\n\t\t\t\t\t\t\t\t<div\n\t\t\t\t\t\t\t\t\tclass=\"rtcl-show-lg rtcl-gb-meta-buttons-wrap horizontal-layout meta-button-count-3\">\n\t\t\t\t\t\t\t\t\t\t\t\t\t\t\t\t\t\t\t<div class=\"rtcl-gb-button\"><a href=\"void(0)\" class=\"rtcl-require-login \"><span class=\"rtcl-icon rtcl-icon-heart-empty\"><\/span><span class=\"favourite-label\">Add to Favourites<\/span><\/a><\/div>\n\t\t\t\t\t\t\t\t\t\n\t\t\t\t\t\t\t\t\t\n\t\t\t\t\t\t\t\t\t\t\t\t\t\t\t\t\t<\/div>\n\t\t\t\t\t\t\t<\/div>\n\t\t\t\t\t\t\n\n\t\t\t\t\t\t<div class=\"item-content\">\n\n\t\t\t\t\t\t\t\n\t\t\t\t\t\t\t\t\t\t\t\t\t\t\t<div class='listing-cat'><a href=\"https:\/\/hitfm.ro\/imobiliare\/listing-category\/apartamente\/\">Apartamente<\/a><\/div>\n\t\t\t\t\t\t\t\n\t\t\t\t\t\t\t\t\t\t\t\t\t\t\t<h3 class=\"listing-title\"><a\n\t\t\t\t\t\t\t\t\t\thref=\"https:\/\/hitfm.ro\/imobiliare\/rtcl_listing\/garsoniera-moderna-camera-de-camin-in-tractorul-brasov-21-mp-mobilata-si-utilata-ideal-investitie\/\">Garsonier\u0103 modern\u0103, camer\u0103 de c\u0103min \u00een Tractorul, Bra\u0219ov | 21 mp | Mobilat\u0103 \u0219i utilat\u0103 | Ideal investi\u021bie<\/a><\/h3>\n\t\t\t\t\t\t\t\n\t\t\t\t\t\t\t\n\t\t\t\t\t\t\t<ul class=\"rtcl-listing-meta-data\">\n\t\t\t\t\t\t\t\t\t\t\t\t\t\t\t\t\t<li class=\"listing-type\"><i class=\"rtcl-icon rtcl-icon-tags\"><\/i>v\u00e2nzare<\/li>\n\t\t\t\t\t\t\t\t\n\t\t\t\t\t\t\t\t\t\t\t\t\t\t\t\t\t<li class=\"updated\"><i class=\"rtcl-icon rtcl-icon-clock\"><\/i>3 weeks ago<\/li>\n\t\t\t\t\t\t\t\t\n\t\t\t\t\t\t\t\t\t\t\t\t\t\t\t\t\t<li class=\"author\"><i class=\"rtcl-icon rtcl-icon-user\"><\/i>Hitfm<\/li>\n\t\t\t\t\t\t\t\t\n\t\t\t\t\t\t\t\t\t\t\t\t\t\t\t\t\t<li class=\"rt-location\"><i\n\t\t\t\t\t\t\t\t\t\t\tclass=\"rtcl-icon rtcl-icon-location\"><\/i><a href=\"https:\/\/hitfm.ro\/imobiliare\/locatie\/imobiliare-brasov\/\">Imobiliare Bra\u0219ov<\/a><\/li>\n\t\t\t\t\t\t\t\t\n\t\t\t\t\t\t\t\t\t\t\t\t\t\t\t\t\t<li class=\"rt-view\"><i class=\"rtcl-icon rtcl-icon-eye\"><\/i>43<\/li>\n\t\t\t\t\t\t\t\t\t\t\t\t\t\t\t<\/ul>\n\n\t\t\t\t\t\t\t\n\t\t\t\t\t\t\t\t\t\t\t\t\t\t\t<div class=\"item-price listing-price\"><div class=\"rtcl-price price-type-regular\"><\/div><\/div>\n\t\t\t\t\t\t\t\t\t\t\t\t\t<\/div>\n\n\t\t\t\t\t<\/div>\n\n\n\t\t\t\t\n\t\t\t\t\t<div class=\"rtcl-widget-listing-item listing-item rtcl-listing-item post-513 status-publish is-v\u00e2nzare rtcl_category-apartamente rtcl_location-imobiliare-brasov rtcl_ad_type-vnzare post-483 rtcl_category-case-si-vile rtcl_location-imobiliare-alba\">\n\n\t\t\t\t\t\t\t\t\t\t\t\t\t<div class=\"listing-thumb\">\n\t\t\t\t\t\t\t\t<a href=\"https:\/\/hitfm.ro\/imobiliare\/rtcl_listing\/apartament-tip-casa-cu-curte-privata-75-mp-in-sanpetru-2-camere-parcare-proprie-mobilat-utilat-complet\/\"\n\t\t\t\t\t\t\t\t   class=\"rtcl-media\"><img loading=\"lazy\" decoding=\"async\" width=\"320\" height=\"240\" src=\"https:\/\/hitfm.ro\/imobiliare\/wp-content\/uploads\/classified-listing\/2026\/04\/imobiliare-judetul-brasov-sanpetru-ap-la-casa--320x240.png\" class=\"rtcl-thumbnail\" alt=\"imobiliare-judetul-brasov-sanpetru-ap-la-casa-\" title=\"\" \/><\/a>\n\t\t\t\t\t\t\t\t\n\t\t\t\t\t\t\t\t<div\n\t\t\t\t\t\t\t\t\tclass=\"rtcl-show-lg rtcl-gb-meta-buttons-wrap horizontal-layout meta-button-count-3\">\n\t\t\t\t\t\t\t\t\t\t\t\t\t\t\t\t\t\t\t<div class=\"rtcl-gb-button\"><a href=\"void(0)\" class=\"rtcl-require-login \"><span class=\"rtcl-icon rtcl-icon-heart-empty\"><\/span><span class=\"favourite-label\">Add to Favourites<\/span><\/a><\/div>\n\t\t\t\t\t\t\t\t\t\n\t\t\t\t\t\t\t\t\t\n\t\t\t\t\t\t\t\t\t\t\t\t\t\t\t\t\t<\/div>\n\t\t\t\t\t\t\t<\/div>\n\t\t\t\t\t\t\n\n\t\t\t\t\t\t<div class=\"item-content\">\n\n\t\t\t\t\t\t\t\n\t\t\t\t\t\t\t\t\t\t\t\t\t\t\t<div class='listing-cat'><a href=\"https:\/\/hitfm.ro\/imobiliare\/listing-category\/apartamente\/\">Apartamente<\/a><\/div>\n\t\t\t\t\t\t\t\n\t\t\t\t\t\t\t\t\t\t\t\t\t\t\t<h3 class=\"listing-title\"><a\n\t\t\t\t\t\t\t\t\t\thref=\"https:\/\/hitfm.ro\/imobiliare\/rtcl_listing\/apartament-tip-casa-cu-curte-privata-75-mp-in-sanpetru-2-camere-parcare-proprie-mobilat-utilat-complet\/\">Apartament tip cas\u0103 cu curte privat\u0103 75 mp \u00een S\u00e2npetru | 2 camere | Parcare proprie | Mobilat &amp; utilat complet<\/a><\/h3>\n\t\t\t\t\t\t\t\n\t\t\t\t\t\t\t\n\t\t\t\t\t\t\t<ul class=\"rtcl-listing-meta-data\">\n\t\t\t\t\t\t\t\t\t\t\t\t\t\t\t\t\t<li class=\"listing-type\"><i class=\"rtcl-icon rtcl-icon-tags\"><\/i>v\u00e2nzare<\/li>\n\t\t\t\t\t\t\t\t\n\t\t\t\t\t\t\t\t\t\t\t\t\t\t\t\t\t<li class=\"updated\"><i class=\"rtcl-icon rtcl-icon-clock\"><\/i>3 weeks ago<\/li>\n\t\t\t\t\t\t\t\t\n\t\t\t\t\t\t\t\t\t\t\t\t\t\t\t\t\t<li class=\"author\"><i class=\"rtcl-icon rtcl-icon-user\"><\/i>Hitfm<\/li>\n\t\t\t\t\t\t\t\t\n\t\t\t\t\t\t\t\t\t\t\t\t\t\t\t\t\t<li class=\"rt-location\"><i\n\t\t\t\t\t\t\t\t\t\t\tclass=\"rtcl-icon rtcl-icon-location\"><\/i><a href=\"https:\/\/hitfm.ro\/imobiliare\/locatie\/imobiliare-brasov\/\">Imobiliare Bra\u0219ov<\/a><\/li>\n\t\t\t\t\t\t\t\t\n\t\t\t\t\t\t\t\t\t\t\t\t\t\t\t\t\t<li class=\"rt-view\"><i class=\"rtcl-icon rtcl-icon-eye\"><\/i>40<\/li>\n\t\t\t\t\t\t\t\t\t\t\t\t\t\t\t<\/ul>\n\n\t\t\t\t\t\t\t\n\t\t\t\t\t\t\t\t\t\t\t\t\t\t\t<div class=\"item-price listing-price\"><div class=\"rtcl-price price-type-regular\"><span class=\"rtcl-price-amount amount\">129,900<span class=\"rtcl-price-currencySymbol\">&euro;<\/span><\/span><\/div><\/div>\n\t\t\t\t\t\t\t\t\t\t\t\t\t<\/div>\n\n\t\t\t\t\t<\/div>\n\n\n\t\t\t\t\n\t\t\t\t\t<div class=\"rtcl-widget-listing-item listing-item rtcl-listing-item post-504 status-publish is-v\u00e2nzare rtcl_category-case-si-vile rtcl_location-imobiliare-brasov rtcl_ad_type-vnzare post-483 rtcl_location-imobiliare-alba\">\n\n\t\t\t\t\t\t\t\t\t\t\t\t\t<div class=\"listing-thumb\">\n\t\t\t\t\t\t\t\t<a href=\"https:\/\/hitfm.ro\/imobiliare\/rtcl_listing\/complex-turistic-de-vanzare-3-cabane-a-frame-moeciu-de-jos-culoarul-rucar-bran\/\"\n\t\t\t\t\t\t\t\t   class=\"rtcl-media\"><img loading=\"lazy\" decoding=\"async\" width=\"320\" height=\"240\" src=\"https:\/\/hitfm.ro\/imobiliare\/wp-content\/uploads\/classified-listing\/2026\/04\/de-vanzare-cabana-a-frame-moeciu-brasov-320x240.png\" class=\"rtcl-thumbnail\" alt=\"de-vanzare-cabana-a-frame-moeciu-brasov\" title=\"\" \/><\/a>\n\t\t\t\t\t\t\t\t\n\t\t\t\t\t\t\t\t<div\n\t\t\t\t\t\t\t\t\tclass=\"rtcl-show-lg rtcl-gb-meta-buttons-wrap horizontal-layout meta-button-count-3\">\n\t\t\t\t\t\t\t\t\t\t\t\t\t\t\t\t\t\t\t<div class=\"rtcl-gb-button\"><a href=\"void(0)\" class=\"rtcl-require-login \"><span class=\"rtcl-icon rtcl-icon-heart-empty\"><\/span><span class=\"favourite-label\">Add to Favourites<\/span><\/a><\/div>\n\t\t\t\t\t\t\t\t\t\n\t\t\t\t\t\t\t\t\t\n\t\t\t\t\t\t\t\t\t\t\t\t\t\t\t\t\t<\/div>\n\t\t\t\t\t\t\t<\/div>\n\t\t\t\t\t\t\n\n\t\t\t\t\t\t<div class=\"item-content\">\n\n\t\t\t\t\t\t\t\n\t\t\t\t\t\t\t\t\t\t\t\t\t\t\t<div class='listing-cat'><a href=\"https:\/\/hitfm.ro\/imobiliare\/listing-category\/case-si-vile\/\">Case si Vile<\/a><\/div>\n\t\t\t\t\t\t\t\n\t\t\t\t\t\t\t\t\t\t\t\t\t\t\t<h3 class=\"listing-title\"><a\n\t\t\t\t\t\t\t\t\t\thref=\"https:\/\/hitfm.ro\/imobiliare\/rtcl_listing\/complex-turistic-de-vanzare-3-cabane-a-frame-moeciu-de-jos-culoarul-rucar-bran\/\">Complex turistic de v\u00e2nzare \u2013 3 cabane A-frame \u2013 Moeciu de Jos, Culoarul Ruc\u0103r-Bran<\/a><\/h3>\n\t\t\t\t\t\t\t\n\t\t\t\t\t\t\t\n\t\t\t\t\t\t\t<ul class=\"rtcl-listing-meta-data\">\n\t\t\t\t\t\t\t\t\t\t\t\t\t\t\t\t\t<li class=\"listing-type\"><i class=\"rtcl-icon rtcl-icon-tags\"><\/i>v\u00e2nzare<\/li>\n\t\t\t\t\t\t\t\t\n\t\t\t\t\t\t\t\t\t\t\t\t\t\t\t\t\t<li class=\"updated\"><i class=\"rtcl-icon rtcl-icon-clock\"><\/i>3 weeks ago<\/li>\n\t\t\t\t\t\t\t\t\n\t\t\t\t\t\t\t\t\t\t\t\t\t\t\t\t\t<li class=\"author\"><i class=\"rtcl-icon rtcl-icon-user\"><\/i>Hitfm<\/li>\n\t\t\t\t\t\t\t\t\n\t\t\t\t\t\t\t\t\t\t\t\t\t\t\t\t\t<li class=\"rt-location\"><i\n\t\t\t\t\t\t\t\t\t\t\tclass=\"rtcl-icon rtcl-icon-location\"><\/i><a href=\"https:\/\/hitfm.ro\/imobiliare\/locatie\/imobiliare-brasov\/\">Imobiliare Bra\u0219ov<\/a><\/li>\n\t\t\t\t\t\t\t\t\n\t\t\t\t\t\t\t\t\t\t\t\t\t\t\t\t\t<li class=\"rt-view\"><i class=\"rtcl-icon rtcl-icon-eye\"><\/i>39<\/li>\n\t\t\t\t\t\t\t\t\t\t\t\t\t\t\t<\/ul>\n\n\t\t\t\t\t\t\t\n\t\t\t\t\t\t\t\t\t\t\t\t\t\t\t<div class=\"item-price listing-price\"><div class=\"rtcl-price price-type-regular\"><span class=\"rtcl-price-amount amount\">350,000<span class=\"rtcl-price-currencySymbol\">&euro;<\/span><\/span><\/div><\/div>\n\t\t\t\t\t\t\t\t\t\t\t\t\t<\/div>\n\n\t\t\t\t\t<\/div>\n\n\n\t\t\t\t\n\t\t\t\t\t<div class=\"rtcl-widget-listing-item listing-item rtcl-listing-item post-499 status-publish is-v\u00e2nzare rtcl_category-spatii-cmerciale-de-inchiriat rtcl_location-imobiliare-brasov rtcl_ad_type-vnzare post-483 rtcl_category-case-si-vile rtcl_location-imobiliare-alba\">\n\n\t\t\t\t\t\t\t\t\t\t\t\t\t<div class=\"listing-thumb\">\n\t\t\t\t\t\t\t\t<a href=\"https:\/\/hitfm.ro\/imobiliare\/rtcl_listing\/de-vanzare-inchiriere-pensiune-complet-functionala-oportunitate-de-business\/\"\n\t\t\t\t\t\t\t\t   class=\"rtcl-media\"><img loading=\"lazy\" decoding=\"async\" width=\"320\" height=\"240\" src=\"https:\/\/hitfm.ro\/imobiliare\/wp-content\/uploads\/classified-listing\/2026\/04\/pensiune-restaurant-de-vanzare-in-codlea-judetul-brasov--320x240.png\" class=\"rtcl-thumbnail\" alt=\"pensiune-restaurant-de-vanzare-in-codlea-judetul-brasov-\" title=\"\" \/><\/a>\n\t\t\t\t\t\t\t\t\n\t\t\t\t\t\t\t\t<div\n\t\t\t\t\t\t\t\t\tclass=\"rtcl-show-lg rtcl-gb-meta-buttons-wrap horizontal-layout meta-button-count-3\">\n\t\t\t\t\t\t\t\t\t\t\t\t\t\t\t\t\t\t\t<div class=\"rtcl-gb-button\"><a href=\"void(0)\" class=\"rtcl-require-login \"><span class=\"rtcl-icon rtcl-icon-heart-empty\"><\/span><span class=\"favourite-label\">Add to Favourites<\/span><\/a><\/div>\n\t\t\t\t\t\t\t\t\t\n\t\t\t\t\t\t\t\t\t\n\t\t\t\t\t\t\t\t\t\t\t\t\t\t\t\t\t<\/div>\n\t\t\t\t\t\t\t<\/div>\n\t\t\t\t\t\t\n\n\t\t\t\t\t\t<div class=\"item-content\">\n\n\t\t\t\t\t\t\t\n\t\t\t\t\t\t\t\t\t\t\t\t\t\t\t<div class='listing-cat'><a href=\"https:\/\/hitfm.ro\/imobiliare\/listing-category\/spatii-cmerciale-de-inchiriat\/\">Spatii Cmerciale de inchiriat<\/a><\/div>\n\t\t\t\t\t\t\t\n\t\t\t\t\t\t\t\t\t\t\t\t\t\t\t<h3 class=\"listing-title\"><a\n\t\t\t\t\t\t\t\t\t\thref=\"https:\/\/hitfm.ro\/imobiliare\/rtcl_listing\/de-vanzare-inchiriere-pensiune-complet-functionala-oportunitate-de-business\/\">De v\u00e2nzare \/ \u00eenchiriere pensiune complet func\u021bional\u0103 \u2013 oportunitate de business<\/a><\/h3>\n\t\t\t\t\t\t\t\n\t\t\t\t\t\t\t\n\t\t\t\t\t\t\t<ul class=\"rtcl-listing-meta-data\">\n\t\t\t\t\t\t\t\t\t\t\t\t\t\t\t\t\t<li class=\"listing-type\"><i class=\"rtcl-icon rtcl-icon-tags\"><\/i>v\u00e2nzare<\/li>\n\t\t\t\t\t\t\t\t\n\t\t\t\t\t\t\t\t\t\t\t\t\t\t\t\t\t<li class=\"updated\"><i class=\"rtcl-icon rtcl-icon-clock\"><\/i>3 weeks ago<\/li>\n\t\t\t\t\t\t\t\t\n\t\t\t\t\t\t\t\t\t\t\t\t\t\t\t\t\t<li class=\"author\"><i class=\"rtcl-icon rtcl-icon-user\"><\/i>admin<\/li>\n\t\t\t\t\t\t\t\t\n\t\t\t\t\t\t\t\t\t\t\t\t\t\t\t\t\t<li class=\"rt-location\"><i\n\t\t\t\t\t\t\t\t\t\t\tclass=\"rtcl-icon rtcl-icon-location\"><\/i><a href=\"https:\/\/hitfm.ro\/imobiliare\/locatie\/imobiliare-brasov\/\">Imobiliare Bra\u0219ov<\/a><\/li>\n\t\t\t\t\t\t\t\t\n\t\t\t\t\t\t\t\t\t\t\t\t\t\t\t\t\t<li class=\"rt-view\"><i class=\"rtcl-icon rtcl-icon-eye\"><\/i>37<\/li>\n\t\t\t\t\t\t\t\t\t\t\t\t\t\t\t<\/ul>\n\n\t\t\t\t\t\t\t\n\t\t\t\t\t\t\t\t\t\t\t\t\t\t\t<div class=\"item-price listing-price\"><div class=\"rtcl-price price-type-on_call\"><\/div><\/div>\n\t\t\t\t\t\t\t\t\t\t\t\t\t<\/div>\n\n\t\t\t\t\t<\/div>\n\n\n\t\t\t\t\n\t\t\t\t\t<div class=\"rtcl-widget-listing-item listing-item rtcl-listing-item post-490 status-publish is-v\u00e2nzare rtcl_category-apartamente rtcl_location-imobiliare-alba rtcl_ad_type-vnzare post-483 rtcl_category-case-si-vile\">\n\n\t\t\t\t\t\t\t\t\t\t\t\t\t<div class=\"listing-thumb\">\n\t\t\t\t\t\t\t\t<a href=\"https:\/\/hitfm.ro\/imobiliare\/rtcl_listing\/apartament-2-camere-de-vanzare-in-sebes-83-mp-utili-strada-transilvania\/\"\n\t\t\t\t\t\t\t\t   class=\"rtcl-media\"><img loading=\"lazy\" decoding=\"async\" width=\"320\" height=\"240\" src=\"https:\/\/hitfm.ro\/imobiliare\/wp-content\/uploads\/classified-listing\/2026\/04\/2fb666f3-4601-4b74-a2ee-34305528c074-320x240.jpg\" class=\"rtcl-thumbnail\" alt=\"2fb666f3-4601-4b74-a2ee-34305528c074\" title=\"\" \/><\/a>\n\t\t\t\t\t\t\t\t\n\t\t\t\t\t\t\t\t<div\n\t\t\t\t\t\t\t\t\tclass=\"rtcl-show-lg rtcl-gb-meta-buttons-wrap horizontal-layout meta-button-count-3\">\n\t\t\t\t\t\t\t\t\t\t\t\t\t\t\t\t\t\t\t<div class=\"rtcl-gb-button\"><a href=\"void(0)\" class=\"rtcl-require-login \"><span class=\"rtcl-icon rtcl-icon-heart-empty\"><\/span><span class=\"favourite-label\">Add to Favourites<\/span><\/a><\/div>\n\t\t\t\t\t\t\t\t\t\n\t\t\t\t\t\t\t\t\t\n\t\t\t\t\t\t\t\t\t\t\t\t\t\t\t\t\t<\/div>\n\t\t\t\t\t\t\t<\/div>\n\t\t\t\t\t\t\n\n\t\t\t\t\t\t<div class=\"item-content\">\n\n\t\t\t\t\t\t\t\n\t\t\t\t\t\t\t\t\t\t\t\t\t\t\t<div class='listing-cat'><a href=\"https:\/\/hitfm.ro\/imobiliare\/listing-category\/apartamente\/\">Apartamente<\/a><\/div>\n\t\t\t\t\t\t\t\n\t\t\t\t\t\t\t\t\t\t\t\t\t\t\t<h3 class=\"listing-title\"><a\n\t\t\t\t\t\t\t\t\t\thref=\"https:\/\/hitfm.ro\/imobiliare\/rtcl_listing\/apartament-2-camere-de-vanzare-in-sebes-83-mp-utili-strada-transilvania\/\">Apartament 2 camere de v\u00e2nzare \u00een Sebe\u0219 \u2013 83 mp utili \u2013 Strada Transilvania<\/a><\/h3>\n\t\t\t\t\t\t\t\n\t\t\t\t\t\t\t\n\t\t\t\t\t\t\t<ul class=\"rtcl-listing-meta-data\">\n\t\t\t\t\t\t\t\t\t\t\t\t\t\t\t\t\t<li class=\"listing-type\"><i class=\"rtcl-icon rtcl-icon-tags\"><\/i>v\u00e2nzare<\/li>\n\t\t\t\t\t\t\t\t\n\t\t\t\t\t\t\t\t\t\t\t\t\t\t\t\t\t<li class=\"updated\"><i class=\"rtcl-icon rtcl-icon-clock\"><\/i>3 weeks ago<\/li>\n\t\t\t\t\t\t\t\t\n\t\t\t\t\t\t\t\t\t\t\t\t\t\t\t\t\t<li class=\"author\"><i class=\"rtcl-icon rtcl-icon-user\"><\/i>Hitfm<\/li>\n\t\t\t\t\t\t\t\t\n\t\t\t\t\t\t\t\t\t\t\t\t\t\t\t\t\t<li class=\"rt-location\"><i\n\t\t\t\t\t\t\t\t\t\t\tclass=\"rtcl-icon rtcl-icon-location\"><\/i><a href=\"https:\/\/hitfm.ro\/imobiliare\/locatie\/imobiliare-alba\/\">Imobiliare Alba<\/a><\/li>\n\t\t\t\t\t\t\t\t\n\t\t\t\t\t\t\t\t\t\t\t\t\t\t\t\t\t<li class=\"rt-view\"><i class=\"rtcl-icon rtcl-icon-eye\"><\/i>38<\/li>\n\t\t\t\t\t\t\t\t\t\t\t\t\t\t\t<\/ul>\n\n\t\t\t\t\t\t\t\n\t\t\t\t\t\t\t\t\t\t\t\t\t\t\t<div class=\"item-price listing-price\"><div class=\"rtcl-price price-type-regular\"><span class=\"rtcl-price-amount amount\">137,301<span class=\"rtcl-price-currencySymbol\">&euro;<\/span><\/span><\/div><\/div>\n\t\t\t\t\t\t\t\t\t\t\t\t\t<\/div>\n\n\t\t\t\t\t<\/div>\n\n\n\t\t\t\t\n\t\t\t\t\t<div class=\"rtcl-widget-listing-item listing-item rtcl-listing-item post-483 status-publish is-v\u00e2nzare rtcl_category-case-si-vile rtcl_location-imobiliare-alba rtcl_ad_type-vnzare\">\n\n\t\t\t\t\t\t\t\t\t\t\t\t\t<div class=\"listing-thumb\">\n\t\t\t\t\t\t\t\t<a href=\"https:\/\/hitfm.ro\/imobiliare\/rtcl_listing\/proprietate-de-vanzare-doua-locuinte-pe-acelasi-teren-sebes\/\"\n\t\t\t\t\t\t\t\t   class=\"rtcl-media\"><img loading=\"lazy\" decoding=\"async\" width=\"320\" height=\"240\" src=\"https:\/\/hitfm.ro\/imobiliare\/wp-content\/uploads\/classified-listing\/2026\/04\/casa-de-vanzare-in-sebes-320x240.jpg\" class=\"rtcl-thumbnail\" alt=\"casa-de-vanzare-in-sebes\" title=\"\" \/><\/a>\n\t\t\t\t\t\t\t\t\n\t\t\t\t\t\t\t\t<div\n\t\t\t\t\t\t\t\t\tclass=\"rtcl-show-lg rtcl-gb-meta-buttons-wrap horizontal-layout meta-button-count-3\">\n\t\t\t\t\t\t\t\t\t\t\t\t\t\t\t\t\t\t\t<div class=\"rtcl-gb-button\"><a href=\"void(0)\" class=\"rtcl-require-login \"><span class=\"rtcl-icon rtcl-icon-heart-empty\"><\/span><span class=\"favourite-label\">Add to Favourites<\/span><\/a><\/div>\n\t\t\t\t\t\t\t\t\t\n\t\t\t\t\t\t\t\t\t\n\t\t\t\t\t\t\t\t\t\t\t\t\t\t\t\t\t<\/div>\n\t\t\t\t\t\t\t<\/div>\n\t\t\t\t\t\t\n\n\t\t\t\t\t\t<div class=\"item-content\">\n\n\t\t\t\t\t\t\t\n\t\t\t\t\t\t\t\t\t\t\t\t\t\t\t<div class='listing-cat'><a href=\"https:\/\/hitfm.ro\/imobiliare\/listing-category\/case-si-vile\/\">Case si Vile<\/a><\/div>\n\t\t\t\t\t\t\t\n\t\t\t\t\t\t\t\t\t\t\t\t\t\t\t<h3 class=\"listing-title\"><a\n\t\t\t\t\t\t\t\t\t\thref=\"https:\/\/hitfm.ro\/imobiliare\/rtcl_listing\/proprietate-de-vanzare-doua-locuinte-pe-acelasi-teren-sebes\/\">Proprietate de v\u00e2nzare \u2013 dou\u0103 locuin\u021be pe acela\u0219i teren, Sebe\u0219<\/a><\/h3>\n\t\t\t\t\t\t\t\n\t\t\t\t\t\t\t\n\t\t\t\t\t\t\t<ul class=\"rtcl-listing-meta-data\">\n\t\t\t\t\t\t\t\t\t\t\t\t\t\t\t\t\t<li class=\"listing-type\"><i class=\"rtcl-icon rtcl-icon-tags\"><\/i>v\u00e2nzare<\/li>\n\t\t\t\t\t\t\t\t\n\t\t\t\t\t\t\t\t\t\t\t\t\t\t\t\t\t<li class=\"updated\"><i class=\"rtcl-icon rtcl-icon-clock\"><\/i>3 weeks ago<\/li>\n\t\t\t\t\t\t\t\t\n\t\t\t\t\t\t\t\t\t\t\t\t\t\t\t\t\t<li class=\"author\"><i class=\"rtcl-icon rtcl-icon-user\"><\/i>Hitfm<\/li>\n\t\t\t\t\t\t\t\t\n\t\t\t\t\t\t\t\t\t\t\t\t\t\t\t\t\t<li class=\"rt-location\"><i\n\t\t\t\t\t\t\t\t\t\t\tclass=\"rtcl-icon rtcl-icon-location\"><\/i><a href=\"https:\/\/hitfm.ro\/imobiliare\/locatie\/imobiliare-alba\/\">Imobiliare Alba<\/a><\/li>\n\t\t\t\t\t\t\t\t\n\t\t\t\t\t\t\t\t\t\t\t\t\t\t\t\t\t<li class=\"rt-view\"><i class=\"rtcl-icon rtcl-icon-eye\"><\/i>39<\/li>\n\t\t\t\t\t\t\t\t\t\t\t\t\t\t\t<\/ul>\n\n\t\t\t\t\t\t\t\n\t\t\t\t\t\t\t\t\t\t\t\t\t\t\t<div class=\"item-price listing-price\"><div class=\"rtcl-price price-type-regular\"><span class=\"rtcl-price-amount amount\">240,000<span class=\"rtcl-price-currencySymbol\">&euro;<\/span><\/span><\/div><\/div>\n\t\t\t\t\t\t\t\t\t\t\t\t\t<\/div>\n\n\t\t\t\t\t<\/div>\n\n\n\t\t\t\t\t\t\t\t\t<\/div>\n\n\t\t\n\t<\/div>\n<\/div>\n\n\n<h1 class=\"wp-block-heading\">Imobiliare V\u00e2lcea<\/h1>\n\n\n\n<script type=\"application\/ld+json\">\n{\n  \"@context\": \"https:\/\/schema.org\",\n  \"@type\": \"CollectionPage\",\n  \"name\": \"Imobiliare V\u00e2lcea\",\n  \"url\": \"https:\/\/hitfm.ro\/imobiliare\/valcea\",\n  \"description\": \"Anun\u021buri imobiliare din Alba Iulia \u0219i jude\u021bul Alba: apartamente, case \u0219i terenuri de v\u00e2nzare \u0219i \u00eenchiriere.\"\n}\n<\/script>\n\n\n\n<p>Categoria Imobiliare V\u00e2lcea reprezint\u0103 punctul de \u00eent\u00e2lnire ideal pentru to\u021bi cei interesa\u021bi de pia\u021ba imobiliar\u0103 din jude\u021bul V\u00e2lcea, fie c\u0103 vorbim despre cump\u0103r\u0103tori, v\u00e2nz\u0103tori sau persoane aflate \u00een c\u0103utarea unei locuin\u021be de \u00eenchiriat. Aceast\u0103 sec\u021biune dedicat\u0103 de pe platforma Hit FM aduce laolalt\u0103 o gam\u0103 variat\u0103 de anun\u021buri actualizate constant, oferind acces rapid \u0219i eficient la cele mai relevante oportunit\u0103\u021bi din zon\u0103.<\/p>\n\n\n\n<p>Indiferent dac\u0103 e\u0219ti interesat de propriet\u0103\u021bi \u00een R\u00e2mnicu V\u00e2lcea sau \u00een alte localit\u0103\u021bi din jude\u021bul V\u00e2lcea, aceast\u0103 categorie \u00ee\u021bi ofer\u0103 acces la o selec\u021bie diversificat\u0103 de apartamente, case \u0219i terenuri, disponibile at\u00e2t pentru v\u00e2nzare, c\u00e2t \u0219i pentru \u00eenchiriere. Platforma este conceput\u0103 pentru a r\u0103spunde nevoilor actuale ale utilizatorilor, pun\u00e2nd accent pe u\u0219urin\u021ba \u00een utilizare, transparen\u021b\u0103 \u0219i rapiditate \u00een contactarea ofertan\u021bilor.<\/p>\n\n\n\n<p>Pentru cei care doresc s\u0103 investeasc\u0103 \u00een imobiliare, categoria Imobiliare V\u00e2lcea este o resurs\u0103 valoroas\u0103. Aici pot fi identificate oportunit\u0103\u021bi excelente, de la apartamente moderne \u00een zone urbane dezvoltate, p\u00e2n\u0103 la case spa\u021bioase \u00een zone lini\u0219tite sau terenuri ideale pentru construc\u021bii viitoare. Fiecare anun\u021b con\u021bine informa\u021bii esen\u021biale despre proprietate, precum pre\u021bul, suprafa\u021ba, loca\u021bia \u0219i facilit\u0103\u021bile disponibile, facilit\u00e2nd astfel procesul de selec\u021bie \u0219i luare a deciziilor.<\/p>\n\n\n\n<p>Un avantaj major al acestei platforme este faptul c\u0103 utilizatorii pot publica anun\u021buri gratuit. Astfel, proprietarii care doresc s\u0103 v\u00e2nd\u0103 sau s\u0103 \u00eenchirieze un imobil pot ajunge rapid la un public larg, f\u0103r\u0103 costuri suplimentare. \u00cen acela\u0219i timp, poten\u021bialii cump\u0103r\u0103tori sau chiria\u0219i au posibilitatea de a intra direct \u00een contact cu ofertan\u021bii, elimin\u00e2nd intermediarii \u0219i simplific\u00e2nd \u00eentregul proces de tranzac\u021bionare.<\/p>\n\n\n\n<p>Categoria Imobiliare V\u00e2lcea este optimizat\u0103 SEO pentru a asigura o vizibilitate crescut\u0103 \u00een motoarele de c\u0103utare, ceea ce \u00eenseamn\u0103 c\u0103 anun\u021burile publicate au \u0219anse mai mari de a fi g\u0103site de persoanele interesate. Termeni relevan\u021bi precum \u201eapartamente de v\u00e2nzare \u00een R\u00e2mnicu V\u00e2lcea\u201d, \u201ecase de \u00eenchiriat V\u00e2lcea\u201d sau \u201eterenuri de v\u00e2nzare \u00een jude\u021bul V\u00e2lcea\u201d sunt integra\u021bi natural \u00een con\u021binut, contribuind la o indexare eficient\u0103 \u0219i la atragerea unui trafic organic de calitate.<\/p>\n\n\n\n<p>De asemenea, platforma Hit FM pune accent pe actualizarea constant\u0103 a anun\u021burilor, astfel \u00eenc\u00e2t utilizatorii s\u0103 aib\u0103 acces la cele mai recente oferte disponibile pe pia\u021b\u0103. Acest lucru este esen\u021bial \u00eentr-un domeniu dinamic precum cel imobiliar, unde oportunit\u0103\u021bile pot ap\u0103rea \u0219i disp\u0103rea rapid.<\/p>\n\n\n\n<p>Pentru cei care caut\u0103 o locuin\u021b\u0103, categoria ofer\u0103 posibilitatea de a filtra anun\u021burile \u00een func\u021bie de preferin\u021be precum tipul propriet\u0103\u021bii, bugetul sau zona dorit\u0103. Astfel, procesul de c\u0103utare devine mult mai eficient \u0219i adaptat nevoilor individuale.<\/p>\n\n\n\n<p>\u00cen concluzie, categoria <strong>Imobiliare V\u00e2lcea<\/strong> de pe platforma Hit FM este un instrument complet \u0219i accesibil pentru oricine este interesat de pia\u021ba imobiliar\u0103 din aceast\u0103 regiune. Fie c\u0103 dore\u0219ti s\u0103 cumperi, s\u0103 vinzi sau s\u0103 \u00eenchiriezi o proprietate, aici vei g\u0103si un mediu sigur, eficient \u0219i u\u0219or de utilizat, care \u00ee\u021bi ofer\u0103 toate resursele necesare pentru a lua cele mai bune decizii. \ud83d\udc49 Pentru analize \u0219i oferte actuale, po\u021bi consulta <a href=\"http:\/\/Imobiliare.ro\" target=\"_blank\" rel=\"noopener\">Imobiliare.ro<\/a> sau <a href=\"http:\/\/Storia.ro\" target=\"_blank\" rel=\"noopener\">Storia.ro<\/a>.<\/p>\n\n\n\n<h2 class=\"wp-block-heading\"> <strong>Imobiliare V\u00e2lcea<\/strong> <\/h2>\n\n\n\n<figure class=\"wp-block-image size-large\"><a href=\"https:\/\/hitfm.ro\/imobiliare\/wp-content\/uploads\/2026\/03\/agente-imobilara-alba-brasov.gif\"><img loading=\"lazy\" decoding=\"async\" width=\"910\" height=\"1024\" src=\"http:\/\/hitfm.ro\/imobiliare\/wp-content\/uploads\/2026\/03\/agente-imobilara-alba-brasov-910x1024.gif\" alt=\"imobiliare valcea\" class=\"wp-image-7\" srcset=\"https:\/\/hitfm.ro\/imobiliare\/wp-content\/uploads\/2026\/03\/agente-imobilara-alba-brasov-910x1024.gif 910w, https:\/\/hitfm.ro\/imobiliare\/wp-content\/uploads\/2026\/03\/agente-imobilara-alba-brasov-267x300.gif 267w, https:\/\/hitfm.ro\/imobiliare\/wp-content\/uploads\/2026\/03\/agente-imobilara-alba-brasov-768x864.gif 768w, https:\/\/hitfm.ro\/imobiliare\/wp-content\/uploads\/2026\/03\/agente-imobilara-alba-brasov-1365x1536.gif 1365w, https:\/\/hitfm.ro\/imobiliare\/wp-content\/uploads\/2026\/03\/agente-imobilara-alba-brasov-1820x2048.gif 1820w\" sizes=\"auto, (max-width: 910px) 100vw, 910px\" \/><\/a><\/figure>\n\n\n<ul class=\"wp-block-latest-posts__list wp-block-latest-posts\"><li><a class=\"wp-block-latest-posts__post-title\" href=\"https:\/\/hitfm.ro\/imobiliare\/hit-fm-imobiliare-reuneste-intr-un-singur-loc-cele-mai-relevante-anunturi-din-alba-brasov-valcea\/14\/04\/2026\/\">Hit FM Imobiliare reune\u0219te \u00eentr-un singur loc cele mai relevante anun\u021buri din Alba, Brasov, V\u00e2lcea<\/a><\/li>\n<\/ul>","protected":false},"excerpt":{"rendered":"<p>Categoria Imobiliare V\u00e2lcea este dedicat\u0103 celor care caut\u0103 propriet\u0103\u021bi \u00een R\u00e2mnicu V\u00e2lcea \u0219i \u00een alte localit\u0103\u021bi din jude\u021b. Pe platforma Hit FM po\u021bi g\u0103si anun\u021buri cu apartamente, case \u0219i terenuri disponibile pentru v\u00e2nzare sau \u00eenchiriere. Fie c\u0103 dore\u0219ti s\u0103 investe\u0219ti \u00eentr-un apartament sau s\u0103 cumperi o cas\u0103 \u00een V\u00e2lcea, aici vei g\u0103si numeroase oferte imobiliare<\/p>\n","protected":false},"author":1,"featured_media":0,"parent":0,"menu_order":0,"comment_status":"closed","ping_status":"closed","template":"","meta":{"_rtcl_gb_attr":"","footnotes":""},"class_list":["post-550","page","type-page","status-publish","hentry"],"_links":{"self":[{"href":"https:\/\/hitfm.ro\/imobiliare\/wp-json\/wp\/v2\/pages\/550","targetHints":{"allow":["GET"]}}],"collection":[{"href":"https:\/\/hitfm.ro\/imobiliare\/wp-json\/wp\/v2\/pages"}],"about":[{"href":"https:\/\/hitfm.ro\/imobiliare\/wp-json\/wp\/v2\/types\/page"}],"author":[{"embeddable":true,"href":"https:\/\/hitfm.ro\/imobiliare\/wp-json\/wp\/v2\/users\/1"}],"replies":[{"embeddable":true,"href":"https:\/\/hitfm.ro\/imobiliare\/wp-json\/wp\/v2\/comments?post=550"}],"version-history":[{"count":8,"href":"https:\/\/hitfm.ro\/imobiliare\/wp-json\/wp\/v2\/pages\/550\/revisions"}],"predecessor-version":[{"id":585,"href":"https:\/\/hitfm.ro\/imobiliare\/wp-json\/wp\/v2\/pages\/550\/revisions\/585"}],"wp:attachment":[{"href":"https:\/\/hitfm.ro\/imobiliare\/wp-json\/wp\/v2\/media?parent=550"}],"curies":[{"name":"wp","href":"https:\/\/api.w.org\/{rel}","templated":true}]}}